{"id":14848,"date":"2026-03-05T15:52:33","date_gmt":"2026-03-05T18:52:33","guid":{"rendered":"https:\/\/comsefaz.org.br\/novo\/?post_type=tribe_events&#038;p=14848"},"modified":"2026-03-05T15:52:36","modified_gmt":"2026-03-05T18:52:36","slug":"seminario-justica-tributaria-e-sobre-quem-paga-e-quem-deveria-pagar-impostos-no-brasil","status":"publish","type":"tribe_events","link":"https:\/\/comsefaz.org.br\/novo\/eventos\/seminario-justica-tributaria-e-sobre-quem-paga-e-quem-deveria-pagar-impostos-no-brasil\/","title":{"rendered":"Semin\u00e1rio\u00a0\u201cJusti\u00e7a Tribut\u00e1ria: \u00e9 sobre quem paga e quem deveria pagar impostos no Brasil\u201d"},"content":{"rendered":"<div  class=\"tribe-events-schedule tribe-clearfix\" >\n\t<p class=\"tribe-events-schedule__datetime\">\n\t\t<span class=\"tribe-events-schedule__date tribe-events-schedule__date--start\">\n\t\t\tmar\u00e7o 5\t\t<\/span>\n\n\t\t\t\t\t<span class=\"tribe-events-schedule__separator tribe-events-schedule__separator--date\">\n\t\t\t\t @ \t\t\t<\/span>\n\t\t\t<span class=\"tribe-events-schedule__time tribe-events-schedule__time--start\">\n\t\t\t\t09:00\t\t\t<\/span>\n\t\t\n\t\t\t\t\t\t\t\t\t<span class=\"tribe-events-schedule__separator tribe-events-schedule__separator--time\">\n\t\t\t\t\t &#8211; \t\t\t\t<\/span>\n\t\t\t\n\t\t\t\t\t\t\t<span class=\"tribe-events-schedule__time tribe-events-schedule__time--end\">\n\t\t\t\t\t10:00\t\t\t\t<\/span>\n\t\t\t\n\t\t\t\t\t\t<\/p>\n<\/div>\n\n\n\n<p>Semin\u00e1rio promovido pelo Sindifisco-PA para debater o impacto das m\u00faltiplas faces da reforma no sistema tribut\u00e1rio e seus efeitos no dia a dia das administra\u00e7\u00f5es tribut\u00e1rias, bem como trazer reflex\u00f5es sobre como as desigualdades no Brasil t\u00eam rela\u00e7\u00e3o com a forma de cobran\u00e7a de impostos no pa\u00eds. O Secret\u00e1rio de Fazenda do Par\u00e1, Ren\u00e9 de Oliveira e Sousa J\u00fanior, e o diretor Institucional do Comsefaz, Andr\u00e9 Horta, s\u00e3o um dos painelistas convidados.   <\/p>\n\n\n<div  class=\"tribe-block tribe-block__event-price\" >\n\t\t<\/div>\n\n\n\n\n<div  class=\"tribe-block tribe-block__venue tribe-clearfix tribe-block__venue--has-map\" >\n\t\n\t\n<div class=\"tribe-block__venue__meta\">\n\t<div class=\"tribe-block__venue__name\">\n\t\t<h3>Hotel Vila Gal\u00e9 Collection<\/h3>\n\t<\/div>\n\n\t\n\t\t\t\t\t\t<address class=\"tribe-block__venue__address\">\n\t\t\t\t<span class=\"tribe-address\">\n\n<span class=\"tribe-street-address\">Av. Mal. Hermes, S\/N &#8211; Umarizal<\/span>\n\t\n\n\t<abbr class=\"tribe-region tribe-events-abbr\" title=\"Bel\u00e9m - Par\u00e1\">Bel\u00e9m &#8211; Par\u00e1<\/abbr>\n\n\t<span class=\"tribe-postal-code\">66053-150<\/span>\n\n\t<span class=\"tribe-country-name\">Brazil<\/span>\n\n<\/span>\n\n\t\t\t\t\t\t\t\t\t<a class=\"tribe-events-gmap\" href=\"https:\/\/maps.google.com\/maps?f=q&#038;source=s_q&#038;hl=en&#038;geocode=&#038;q=Av.+Mal.+Hermes%2C+S%2FN+-+Umarizal+Bel%C3%A9m+-+Par%C3%A1+66053-150+Brazil\" title=\"Clique para o Google Maps\" target=\"_blank\" rel=\"noreferrer noopener\">+ Google Map<\/a>\t\t\t\t\t\t\t<\/address>\n\t\t\n\t\t\n\t\t\t\n\t<\/div>\n\t\n<div class=\"tribe-block__venue__map\">\n\t\n<iframe\n  title=\"Google maps iframe displaying the address to Hotel Vila Gal\u00e9 Collection\"\n  aria-label=\"Mapa de localiza\u00e7\u00e3o do local\"\n  width=\"310px\"\n  height=\"256px\"\n  frameborder=\"0\" style=\"border:0\"\n  src=\"https:\/\/www.google.com\/maps\/embed\/v1\/place?key=AIzaSyDNsicAsP6-VuGtAb1O9riI3oc_NOb7IOU&#038;q=Av.+Mal.+Hermes%2C+S%2FN+-+Umarizal+Bel%C3%A9m+-+Par%C3%A1+Bel%C3%A9m+-+Par%C3%A1+66053-150+Brazil+&#038;zoom=10\" allowfullscreen>\n<\/iframe>\n<\/div>\n\n\t<\/div>\n\n\n<div  class=\"tribe-block tribe-block__event-website\" >\n\t<a\n\t\thref=\"https:\/\/justicatributaria.com\/\"\n\t\ttarget=\"_self\"\n\t\t\t>\n\t\tJusti\u00e7a Tribut\u00e1ria\t<\/a>\n<\/div>\n\n\n\t<div  class=\"tribe-block tribe-block__events-link\" >\n\t\t<div class=\"tribe-events tribe-common\">\n\t\t\t<div class=\"tribe-events-c-subscribe-dropdown__container\">\n\t\t\t\t<div class=\"tribe-events-c-subscribe-dropdown\">\n\t\t\t\t\t<div class=\"tribe-common-c-btn-border tribe-events-c-subscribe-dropdown__button\">\n\t\t\t\t\t\t<svg\n\t class=\"tribe-common-c-svgicon tribe-common-c-svgicon--cal-export tribe-events-c-subscribe-dropdown__export-icon\" \taria-hidden=\"true\"\n\tviewBox=\"0 0 23 17\"\n\txmlns=\"http:\/\/www.w3.org\/2000\/svg\"\n>\n\t<path fill-rule=\"evenodd\" clip-rule=\"evenodd\" d=\"M.128.896V16.13c0 .211.145.383.323.383h15.354c.179 0 .323-.172.323-.383V.896c0-.212-.144-.383-.323-.383H.451C.273.513.128.684.128.896Zm16 6.742h-.901V4.679H1.009v10.729h14.218v-3.336h.901V7.638ZM1.01 1.614h14.218v2.058H1.009V1.614Z\" \/>\n\t<path d=\"M20.5 9.846H8.312M18.524 6.953l2.89 2.909-2.855 2.855\" stroke-width=\"1.2\" stroke-linecap=\"round\" stroke-linejoin=\"round\"\/>\n<\/svg>\n\t\t\t\t\t\t<button\n\t\t\t\t\t\t\tclass=\"tribe-events-c-subscribe-dropdown__button-text\"\n\t\t\t\t\t\t\taria-expanded=\"false\"\n\t\t\t\t\t\t\taria-controls=\"tribe-events-subscribe-dropdown-content\"\n\t\t\t\t\t\t\taria-label=\"View links to add events to your calendar\"\n\t\t\t\t\t\t>\n\t\t\t\t\t\t\tAdicionar ao calend\u00e1rio\t\t\t\t\t\t<\/button>\n\t\t\t\t\t\t<svg\n\t class=\"tribe-common-c-svgicon tribe-common-c-svgicon--caret-down tribe-events-c-subscribe-dropdown__button-icon\" \taria-hidden=\"true\"\n\tviewBox=\"0 0 10 7\"\n\txmlns=\"http:\/\/www.w3.org\/2000\/svg\"\n>\n\t<path fill-rule=\"evenodd\" clip-rule=\"evenodd\" d=\"M1.008.609L5 4.6 8.992.61l.958.958L5 6.517.05 1.566l.958-.958z\" class=\"tribe-common-c-svgicon__svg-fill\"\/>\n<\/svg>\n\t\t\t\t\t<\/div>\n\t\t\t\t\t<div id=\"tribe-events-subscribe-dropdown-content\" class=\"tribe-events-c-subscribe-dropdown__content\">\n\t\t\t\t\t\t<ul class=\"tribe-events-c-subscribe-dropdown__list\">\n\t\t\t\t\t\t\t\t\t\t\t\t\t\t\t<li class=\"tribe-events-c-subscribe-dropdown__list-item tribe-events-c-subscribe-dropdown__list-item--gcal\">\n\t\t\t\t\t\t\t\t\t<a\n\t\t\t\t\t\t\t\t\t\thref=\"https:\/\/www.google.com\/calendar\/event?action=TEMPLATE&#038;dates=20260305T090000\/20260305T100000&#038;text=Semin%C3%A1rio%C2%A0%E2%80%9CJusti%C3%A7a%20Tribut%C3%A1ria%3A%20%C3%A9%20sobre%20quem%20paga%20e%20quem%20deveria%20pagar%20impostos%20no%20Brasil%E2%80%9D&#038;details=%3Cp%3ESemin%C3%A1rio+promovido+pelo+Sindifisco-PA+para+debater+o+impacto+das+m%C3%BAltiplas+faces+da+reforma+no+sistema+tribut%C3%A1rio+e+seus+efeitos+no+dia+a+dia+das+administra%C3%A7%C3%B5es+tribut%C3%A1rias%2C+bem+como+trazer+reflex%C3%B5es+sobre+como+as+desigualdades+no+Brasil+t%C3%AAm+rela%C3%A7%C3%A3o+com+a+forma+de+cobran%C3%A7a+de+impostos+no+pa%C3%ADs.+O+Secret%C3%A1rio+de+Fazenda+do+Par%C3%A1%2C+Ren%C3%A9+de+Oliveira+e+Sousa+J%C3%BAnior%2C+e+o+diretor+Institucional+do+Comsefaz%2C+Andr%C3%A9+Horta%2C+s%C3%A3o+um+dos+painelistas+convidados.+++%3C%2Fp%3E+&#038;location=Hotel%20Vila%20Gal\u00e9%20Collection,%20Av.%20Mal.%20Hermes,%20S\/N%20-%20Umarizal,%20Bel\u00e9m%20-%20Par\u00e1,%2066053-150,%20Brazil&#038;trp=false&#038;ctz=America\/Sao_Paulo&#038;sprop=website:https:\/\/comsefaz.org.br\/novo\"\n\t\t\t\t\t\t\t\t\t\tclass=\"tribe-events-c-subscribe-dropdown__list-item-link\"\n\t\t\t\t\t\t\t\t\t\ttarget=\"_blank\"\n\t\t\t\t\t\t\t\t\t\trel=\"noopener noreferrer nofollow noindex\"\n\t\t\t\t\t\t\t\t\t>\n\t\t\t\t\t\t\t\t\t\tGoogle Agenda\t\t\t\t\t\t\t\t\t<\/a>\n\t\t\t\t\t\t\t\t<\/li>\n\t\t\t\t\t\t\t\t\t\t\t\t\t\t\t<li class=\"tribe-events-c-subscribe-dropdown__list-item tribe-events-c-subscribe-dropdown__list-item--ical\">\n\t\t\t\t\t\t\t\t\t<a\n\t\t\t\t\t\t\t\t\t\thref=\"\"\n\t\t\t\t\t\t\t\t\t\tclass=\"tribe-events-c-subscribe-dropdown__list-item-link\"\n\t\t\t\t\t\t\t\t\t\ttarget=\"_blank\"\n\t\t\t\t\t\t\t\t\t\trel=\"noopener noreferrer nofollow noindex\"\n\t\t\t\t\t\t\t\t\t>\n\t\t\t\t\t\t\t\t\t\tiCalendar\t\t\t\t\t\t\t\t\t<\/a>\n\t\t\t\t\t\t\t\t<\/li>\n\t\t\t\t\t\t\t\t\t\t\t\t\t\t\t<li class=\"tribe-events-c-subscribe-dropdown__list-item tribe-events-c-subscribe-dropdown__list-item--outlook-365\">\n\t\t\t\t\t\t\t\t\t<a\n\t\t\t\t\t\t\t\t\t\thref=\"\"\n\t\t\t\t\t\t\t\t\t\tclass=\"tribe-events-c-subscribe-dropdown__list-item-link\"\n\t\t\t\t\t\t\t\t\t\ttarget=\"_blank\"\n\t\t\t\t\t\t\t\t\t\trel=\"noopener noreferrer nofollow noindex\"\n\t\t\t\t\t\t\t\t\t>\n\t\t\t\t\t\t\t\t\t\tOutlook 365\t\t\t\t\t\t\t\t\t<\/a>\n\t\t\t\t\t\t\t\t<\/li>\n\t\t\t\t\t\t\t\t\t\t\t\t\t\t\t<li class=\"tribe-events-c-subscribe-dropdown__list-item tribe-events-c-subscribe-dropdown__list-item--outlook-live\">\n\t\t\t\t\t\t\t\t\t<a\n\t\t\t\t\t\t\t\t\t\thref=\"\"\n\t\t\t\t\t\t\t\t\t\tclass=\"tribe-events-c-subscribe-dropdown__list-item-link\"\n\t\t\t\t\t\t\t\t\t\ttarget=\"_blank\"\n\t\t\t\t\t\t\t\t\t\trel=\"noopener noreferrer nofollow noindex\"\n\t\t\t\t\t\t\t\t\t>\n\t\t\t\t\t\t\t\t\t\tOutlook Live\t\t\t\t\t\t\t\t\t<\/a>\n\t\t\t\t\t\t\t\t<\/li>\n\t\t\t\t\t\t\t\t\t\t\t\t\t<\/ul>\n\t\t\t\t\t<\/div>\n\t\t\t\t<\/div>\n\t\t\t<\/div>\n\t\t<\/div>\n\t<\/div>\n\n","protected":false},"excerpt":{"rendered":"<p>Semin\u00e1rio promovido pelo Sindifisco-PA para debater o impacto das m\u00faltiplas faces da reforma no sistema tribut\u00e1rio e seus efeitos no dia a dia das administra\u00e7\u00f5es tribut\u00e1rias, bem como trazer reflex\u00f5es [&hellip;]<\/p>\n","protected":false},"author":2,"featured_media":0,"template":"","meta":{"_acf_changed":false,"om_disable_all_campaigns":false,"_monsterinsights_skip_tracking":false,"_monsterinsights_sitenote_active":false,"_monsterinsights_sitenote_note":"","_monsterinsights_sitenote_category":0,"_EventAllDay":false,"_EventTimezone":"America\/Sao_Paulo","_EventStartDate":"2026-03-05 09:00:00","_EventEndDate":"2026-03-05 10:00:00","_EventStartDateUTC":"2026-03-05 12:00:00","_EventEndDateUTC":"2026-03-05 13:00:00","_EventShowMap":false,"_EventShowMapLink":false,"_EventURL":"https:\/\/justicatributaria.com\/","_EventCost":"","_EventCostDescription":"","_EventCurrencySymbol":"R$","_EventCurrencyCode":"BRL","_EventCurrencyPosition":"prefix","_EventDateTimeSeparator":" @ ","_EventTimeRangeSeparator":" - ","_EventOrganizerID":[],"_EventVenueID":[14852],"_OrganizerEmail":"","_OrganizerPhone":"","_OrganizerWebsite":"","_VenueAddress":"","_VenueCity":"","_VenueCountry":"","_VenueProvince":"","_VenueState":"","_VenueZip":"","_VenuePhone":"","_VenueURL":"","_VenueStateProvince":"","_VenueLat":"","_VenueLng":"","_VenueShowMap":false,"_VenueShowMapLink":false,"_tribe_events_status":"","_tribe_events_status_reason":"","footnotes":""},"tags":[],"tribe_events_cat":[],"class_list":["post-14848","tribe_events","type-tribe_events","status-publish","hentry"],"acf":[],"aioseo_notices":[],"jetpack_sharing_enabled":true,"_links":{"self":[{"href":"https:\/\/comsefaz.org.br\/novo\/wp-json\/wp\/v2\/tribe_events\/14848","targetHints":{"allow":["GET"]}}],"collection":[{"href":"https:\/\/comsefaz.org.br\/novo\/wp-json\/wp\/v2\/tribe_events"}],"about":[{"href":"https:\/\/comsefaz.org.br\/novo\/wp-json\/wp\/v2\/types\/tribe_events"}],"author":[{"embeddable":true,"href":"https:\/\/comsefaz.org.br\/novo\/wp-json\/wp\/v2\/users\/2"}],"version-history":[{"count":1,"href":"https:\/\/comsefaz.org.br\/novo\/wp-json\/wp\/v2\/tribe_events\/14848\/revisions"}],"predecessor-version":[{"id":14854,"href":"https:\/\/comsefaz.org.br\/novo\/wp-json\/wp\/v2\/tribe_events\/14848\/revisions\/14854"}],"wp:attachment":[{"href":"https:\/\/comsefaz.org.br\/novo\/wp-json\/wp\/v2\/media?parent=14848"}],"wp:term":[{"taxonomy":"post_tag","embeddable":true,"href":"https:\/\/comsefaz.org.br\/novo\/wp-json\/wp\/v2\/tags?post=14848"},{"taxonomy":"tribe_events_cat","embeddable":true,"href":"https:\/\/comsefaz.org.br\/novo\/wp-json\/wp\/v2\/tribe_events_cat?post=14848"}],"curies":[{"name":"wp","href":"https:\/\/api.w.org\/{rel}","templated":true}]}}