{"id":2971,"date":"2022-04-28T18:34:54","date_gmt":"2022-04-28T21:34:54","guid":{"rendered":"http:\/\/vocesabiadisso.com.br\/comsefaz\/?post_type=tribe_events&amp;p=2971"},"modified":"2022-04-28T18:34:54","modified_gmt":"2022-04-28T21:34:54","slug":"dia-das-maes","status":"publish","type":"tribe_events","link":"https:\/\/comsefaz.org.br\/novo\/eventos\/dia-das-maes\/","title":{"rendered":"Congresso Pensar Brasil"},"content":{"rendered":"<div id=\"comp-iropt1lh\" class=\"_2Hij5\" data-testid=\"richTextElement\">\n<h1 class=\"font_0\">Di\u00e1logo sobre\u00a0<span class=\"color_28\">Trabalho<\/span>,\u00a0<span class=\"color_28\">Desenvolvimento <\/span>e\u00a0<span class=\"color_28\">Futuro<\/span><\/h1>\n<\/div>\n<div id=\"comp-l1l43dvo\" class=\"_2Hij5\" data-testid=\"richTextElement\">\n<p class=\"font_8\"><span class=\"color_14\">Pensar \u00e9 poder explorar, reconstruir, mudar, transformar. Pensar \u00e9 desconstruir, sair de um novo ponto de partida, \u00e9 rever, realinhar e encontrar novas sa\u00eddas. Pensar \u00e9 poder buscar novas respostas para antigas perguntas. E para construir, muitas vezes \u00e9 preciso desconstruir.\u00a0<\/span><\/p>\n<p class=\"font_8\"><span class=\"color_14\"><span class=\"wixGuard\">\u200b<\/span><\/span><\/p>\n<p class=\"font_8\"><span class=\"color_14\">Pensado e criado pelo Sindicato dos Servidores do Poder Legislativo Federal e do Tribunal de Contas da Uni\u00e3o (Sindilegis), pelo Sindicato dos Servidores do Poder Judici\u00e1rio e do MPU no DF (Sindjus), pela Federa\u00e7\u00e3o do Com\u00e9rcio de Bens, Servi\u00e7os e Turismo do Rio de Janeiro (Fecom\u00e9rcio-RJ) e pela Federa\u00e7\u00e3o dos Comerci\u00e1rios do Estado de S\u00e3o Paulo (Fecomerci\u00e1rio-SP), o Pensar Brasil &#8211; Di\u00e1logo sobre trabalho, desenvolvimento e futuro tem como objetivo discutir sobre as rela\u00e7\u00f5es de trabalho, crescimento econ\u00f4mico e o desenvolvimento do pa\u00eds.<\/span><\/p>\n<p class=\"font_8\"><span class=\"color_14\"><span class=\"wixGuard\">\u200b<\/span><\/span><\/p>\n<p class=\"font_8\"><span class=\"color_14\">O debate visa estimular a pensar as rela\u00e7\u00f5es atuais s\u00e3o adequadas \u00e0s necessidades da sociedade e da economia, adaptadas \u00e0s demandas criadas por novas tecnologias, pela mudan\u00e7a do perfil da popula\u00e7\u00e3o e pela necessidade de mobilidade e flexibilidade.\u00a0<\/span><\/p>\n<p class=\"font_8\"><span class=\"color_14\"><span class=\"wixGuard\">\u200b<\/span><\/span><\/p>\n<p class=\"font_8\"><span class=\"color_14\">O Congresso contar\u00e1 com a presen\u00e7a dos pr\u00e9-candidatos \u00e0 Presid\u00eancia da Rep\u00fablica e todos eles ter\u00e3o a oportunidade de debater sobre temas t\u00e3o importantes para os cidad\u00e3os brasileiros. O evento acontecer\u00e1 nos dias 12 e 13 de maio, no Museu do Amanh\u00e3, no Rio de Janeiro.<\/span><\/p>\n<\/div>\n<div id=\"comp-l1l45kbr\" class=\"_1ncY2\">\n<div class=\"_13Lxq\" data-testid=\"container-bg\"><\/div>\n<div class=\"\" data-mesh-id=\"comp-l1l45kbrinlineContent\" data-testid=\"inline-content\">\n<div data-mesh-id=\"comp-l1l45kbrinlineContent-gridContainer\" data-testid=\"mesh-container-content\">\n<div id=\"comp-irorqiim\" class=\"_2Hij5\" data-testid=\"richTextElement\" data-angle=\"0\" data-angle-style-location=\"style\" data-screen-in-hide=\"done\">\n<h4 class=\"font_4\">12 e 13 de maio<br \/>\nno Museu do Amanh\u00e3<\/h4>\n<\/div>\n<\/div>\n<\/div>\n<\/div>\n<div id=\"comp-l1l48bq4\" class=\"_1ncY2\" data-angle=\"0\" data-angle-style-location=\"style\" data-screen-in-hide=\"done\">\n<div class=\"\" data-mesh-id=\"comp-l1l48bq4inlineContent\" data-testid=\"inline-content\">\n<div data-mesh-id=\"comp-l1l48bq4inlineContent-gridContainer\" data-testid=\"mesh-container-content\"><\/div>\n<\/div>\n<\/div>\n<div id=\"comp-l1ph3gzc\" class=\"qhwIj ignore-focus\" tabindex=\"-1\" role=\"region\" aria-label=\"\u00c2ncora 2\"><\/div>\n","protected":false},"excerpt":{"rendered":"<p>Di\u00e1logo sobre\u00a0Trabalho,\u00a0Desenvolvimento e\u00a0Futuro Pensar \u00e9 poder explorar, reconstruir, mudar, transformar. Pensar \u00e9 desconstruir, sair de um novo ponto de partida, \u00e9 rever, realinhar e encontrar novas sa\u00eddas. Pensar \u00e9 poder [&hellip;]<\/p>\n","protected":false},"author":2,"featured_media":3194,"template":"","meta":{"_acf_changed":false,"om_disable_all_campaigns":false,"_monsterinsights_skip_tracking":false,"_EventAllDay":true,"_EventTimezone":"America\/Sao_Paulo","_EventStartDate":"2022-05-12 00:00:00","_EventEndDate":"2022-05-13 23:59:59","_EventStartDateUTC":"2022-05-12 03:00:00","_EventEndDateUTC":"2022-05-14 02:59:59","_EventShowMap":true,"_EventShowMapLink":true,"_EventURL":"","_EventCost":"","_EventCostDescription":"","_EventCurrencySymbol":"","_EventCurrencyCode":"","_EventCurrencyPosition":"prefix","_EventDateTimeSeparator":"","_EventTimeRangeSeparator":"","_EventOrganizerID":[],"_EventVenueID":[],"_OrganizerEmail":"","_OrganizerPhone":"","_OrganizerWebsite":"","_VenueAddress":"","_VenueCity":"","_VenueCountry":"","_VenueProvince":"","_VenueState":"","_VenueZip":"","_VenuePhone":"","_VenueURL":"","_VenueStateProvince":"","_VenueLat":"","_VenueLng":"","_VenueShowMap":false,"_VenueShowMapLink":false,"_tribe_events_status":"","_tribe_events_status_reason":"","footnotes":""},"tags":[],"tribe_events_cat":[],"class_list":["post-2971","tribe_events","type-tribe_events","status-publish","has-post-thumbnail","hentry"],"acf":[],"aioseo_notices":[],"aioseo_head":"\n\t\t<!-- All in One SEO 5.0.1.1 - aioseo.com -->\n\t<meta name=\"description\" content=\"Di\u00e1logo sobre Trabalho, Desenvolvimento e Futuro Pensar \u00e9 poder explorar, reconstruir, mudar, transformar. Pensar \u00e9 desconstruir, sair de um novo ponto de partida, \u00e9 rever, realinhar e encontrar novas sa\u00eddas. Pensar \u00e9 poder buscar novas respostas para antigas perguntas. E para construir, muitas vezes \u00e9 preciso desconstruir. \u200b Pensado e criado pelo Sindicato dos Servidores do Poder Legislativo\" \/>\n\t<meta name=\"robots\" content=\"max-image-preview:large\" \/>\n\t<meta name=\"author\" content=\"comsefaz\"\/>\n\t<link rel=\"canonical\" href=\"https:\/\/comsefaz.org.br\/novo\/eventos\/dia-das-maes\/\" \/>\n\t<meta name=\"generator\" content=\"All in One SEO (AIOSEO) 5.0.1.1\" \/>\n\t\t<meta property=\"og:locale\" content=\"pt_BR\" \/>\n\t\t<meta property=\"og:site_name\" content=\"Comsefaz - Comit\u00ea Nacional de Secret\u00e1rios da Fazenda, Finan\u00e7as, Receitas ou Tributa\u00e7\u00e3o dos Estados  e Distrito Federal\" \/>\n\t\t<meta property=\"og:type\" content=\"article\" \/>\n\t\t<meta property=\"og:title\" content=\"Congresso Pensar Brasil - Comsefaz\" \/>\n\t\t<meta property=\"og:description\" content=\"Di\u00e1logo sobre Trabalho, Desenvolvimento e Futuro Pensar \u00e9 poder explorar, reconstruir, mudar, transformar. Pensar \u00e9 desconstruir, sair de um novo ponto de partida, \u00e9 rever, realinhar e encontrar novas sa\u00eddas. Pensar \u00e9 poder buscar novas respostas para antigas perguntas. E para construir, muitas vezes \u00e9 preciso desconstruir. \u200b Pensado e criado pelo Sindicato dos Servidores do Poder Legislativo\" \/>\n\t\t<meta property=\"og:url\" content=\"https:\/\/comsefaz.org.br\/novo\/eventos\/dia-das-maes\/\" \/>\n\t\t<meta property=\"og:image\" content=\"https:\/\/comsefaz.org.br\/novo\/wp-content\/uploads\/2022\/05\/marca_prioritaria_cor.svg\" \/>\n\t\t<meta property=\"og:image:secure_url\" content=\"https:\/\/comsefaz.org.br\/novo\/wp-content\/uploads\/2022\/05\/marca_prioritaria_cor.svg\" \/>\n\t\t<meta property=\"article:published_time\" content=\"2022-04-28T21:34:54+00:00\" \/>\n\t\t<meta property=\"article:modified_time\" content=\"2022-04-28T21:34:54+00:00\" \/>\n\t\t<meta name=\"twitter:card\" content=\"summary\" \/>\n\t\t<meta name=\"twitter:title\" content=\"Congresso Pensar Brasil - Comsefaz\" \/>\n\t\t<meta name=\"twitter:description\" content=\"Di\u00e1logo sobre Trabalho, Desenvolvimento e Futuro Pensar \u00e9 poder explorar, reconstruir, mudar, transformar. Pensar \u00e9 desconstruir, sair de um novo ponto de partida, \u00e9 rever, realinhar e encontrar novas sa\u00eddas. Pensar \u00e9 poder buscar novas respostas para antigas perguntas. E para construir, muitas vezes \u00e9 preciso desconstruir. \u200b Pensado e criado pelo Sindicato dos Servidores do Poder Legislativo\" \/>\n\t\t<meta name=\"twitter:image\" content=\"https:\/\/comsefaz.org.br\/novo\/wp-content\/uploads\/2022\/05\/marca_prioritaria_cor.svg\" \/>\n\t\t<script type=\"application\/ld+json\" class=\"aioseo-schema\">\n\t\t\t{\"@context\":\"https:\\\/\\\/schema.org\",\"@graph\":[{\"@type\":\"BreadcrumbList\",\"@id\":\"https:\\\/\\\/comsefaz.org.br\\\/novo\\\/eventos\\\/dia-das-maes\\\/#breadcrumblist\",\"itemListElement\":[{\"@type\":\"ListItem\",\"@id\":\"https:\\\/\\\/comsefaz.org.br\\\/novo#listItem\",\"position\":1,\"name\":\"Home\",\"item\":\"https:\\\/\\\/comsefaz.org.br\\\/novo\",\"nextItem\":{\"@type\":\"ListItem\",\"@id\":\"https:\\\/\\\/comsefaz.org.br\\\/novo\\\/eventos\\\/#listItem\",\"name\":\"Eventos\"}},{\"@type\":\"ListItem\",\"@id\":\"https:\\\/\\\/comsefaz.org.br\\\/novo\\\/eventos\\\/#listItem\",\"position\":2,\"name\":\"Eventos\",\"item\":\"https:\\\/\\\/comsefaz.org.br\\\/novo\\\/eventos\\\/\",\"nextItem\":{\"@type\":\"ListItem\",\"@id\":\"https:\\\/\\\/comsefaz.org.br\\\/novo\\\/eventos\\\/dia-das-maes\\\/#listItem\",\"name\":\"Congresso Pensar Brasil\"},\"previousItem\":{\"@type\":\"ListItem\",\"@id\":\"https:\\\/\\\/comsefaz.org.br\\\/novo#listItem\",\"name\":\"Home\"}},{\"@type\":\"ListItem\",\"@id\":\"https:\\\/\\\/comsefaz.org.br\\\/novo\\\/eventos\\\/dia-das-maes\\\/#listItem\",\"position\":3,\"name\":\"Congresso Pensar Brasil\",\"previousItem\":{\"@type\":\"ListItem\",\"@id\":\"https:\\\/\\\/comsefaz.org.br\\\/novo\\\/eventos\\\/#listItem\",\"name\":\"Eventos\"}}]},{\"@type\":\"Organization\",\"@id\":\"https:\\\/\\\/comsefaz.org.br\\\/novo\\\/#organization\",\"name\":\"Comsefaz\",\"description\":\"Comit\\u00ea Nacional de Secret\\u00e1rios da Fazenda, Finan\\u00e7as, Receitas ou Tributa\\u00e7\\u00e3o dos Estados  e Distrito Federal\",\"url\":\"https:\\\/\\\/comsefaz.org.br\\\/novo\\\/\",\"logo\":{\"@type\":\"ImageObject\",\"url\":\"https:\\\/\\\/comsefaz.org.br\\\/novo\\\/wp-content\\\/uploads\\\/2022\\\/05\\\/comsefaz.png\",\"@id\":\"https:\\\/\\\/comsefaz.org.br\\\/novo\\\/eventos\\\/dia-das-maes\\\/#organizationLogo\"},\"image\":{\"@id\":\"https:\\\/\\\/comsefaz.org.br\\\/novo\\\/eventos\\\/dia-das-maes\\\/#organizationLogo\"}},{\"@type\":\"Person\",\"@id\":\"https:\\\/\\\/comsefaz.org.br\\\/novo\\\/author\\\/comsefaz\\\/#author\",\"url\":\"https:\\\/\\\/comsefaz.org.br\\\/novo\\\/author\\\/comsefaz\\\/\",\"name\":\"comsefaz\",\"image\":{\"@type\":\"ImageObject\",\"@id\":\"https:\\\/\\\/comsefaz.org.br\\\/novo\\\/eventos\\\/dia-das-maes\\\/#authorImage\",\"url\":\"https:\\\/\\\/secure.gravatar.com\\\/avatar\\\/263d9be0bb4e1bc8dba724a209da0b12caf474b441e176758b8903eee3938b84?s=96&d=mm&r=g\",\"width\":96,\"height\":96,\"caption\":\"comsefaz\"}},{\"@type\":\"WebPage\",\"@id\":\"https:\\\/\\\/comsefaz.org.br\\\/novo\\\/eventos\\\/dia-das-maes\\\/#webpage\",\"url\":\"https:\\\/\\\/comsefaz.org.br\\\/novo\\\/eventos\\\/dia-das-maes\\\/\",\"name\":\"Congresso Pensar Brasil - Comsefaz\",\"description\":\"Di\\u00e1logo sobre Trabalho, Desenvolvimento e Futuro Pensar \\u00e9 poder explorar, reconstruir, mudar, transformar. Pensar \\u00e9 desconstruir, sair de um novo ponto de partida, \\u00e9 rever, realinhar e encontrar novas sa\\u00eddas. Pensar \\u00e9 poder buscar novas respostas para antigas perguntas. E para construir, muitas vezes \\u00e9 preciso desconstruir. \\u200b Pensado e criado pelo Sindicato dos Servidores do Poder Legislativo\",\"inLanguage\":\"pt-BR\",\"isPartOf\":{\"@id\":\"https:\\\/\\\/comsefaz.org.br\\\/novo\\\/#website\"},\"breadcrumb\":{\"@id\":\"https:\\\/\\\/comsefaz.org.br\\\/novo\\\/eventos\\\/dia-das-maes\\\/#breadcrumblist\"},\"author\":{\"@id\":\"https:\\\/\\\/comsefaz.org.br\\\/novo\\\/author\\\/comsefaz\\\/#author\"},\"creator\":{\"@id\":\"https:\\\/\\\/comsefaz.org.br\\\/novo\\\/author\\\/comsefaz\\\/#author\"},\"image\":{\"@type\":\"ImageObject\",\"url\":3194,\"@id\":\"https:\\\/\\\/comsefaz.org.br\\\/novo\\\/eventos\\\/dia-das-maes\\\/#mainImage\"},\"primaryImageOfPage\":{\"@id\":\"https:\\\/\\\/comsefaz.org.br\\\/novo\\\/eventos\\\/dia-das-maes\\\/#mainImage\"},\"datePublished\":\"2022-04-28T18:34:54-03:00\",\"dateModified\":\"2022-04-28T18:34:54-03:00\"},{\"@type\":\"WebSite\",\"@id\":\"https:\\\/\\\/comsefaz.org.br\\\/novo\\\/#website\",\"url\":\"https:\\\/\\\/comsefaz.org.br\\\/novo\\\/\",\"name\":\"Comsefaz\",\"description\":\"Comit\\u00ea Nacional de Secret\\u00e1rios da Fazenda, Finan\\u00e7as, Receitas ou Tributa\\u00e7\\u00e3o dos Estados  e Distrito Federal\",\"inLanguage\":\"pt-BR\",\"publisher\":{\"@id\":\"https:\\\/\\\/comsefaz.org.br\\\/novo\\\/#organization\"}}]}\n\t\t<\/script>\n\t\t<!-- All in One SEO -->\n\n","aioseo_head_json":{"title":"Congresso Pensar Brasil - Comsefaz","description":"Di\u00e1logo sobre Trabalho, Desenvolvimento e Futuro Pensar \u00e9 poder explorar, reconstruir, mudar, transformar. Pensar \u00e9 desconstruir, sair de um novo ponto de partida, \u00e9 rever, realinhar e encontrar novas sa\u00eddas. Pensar \u00e9 poder buscar novas respostas para antigas perguntas. E para construir, muitas vezes \u00e9 preciso desconstruir. \u200b Pensado e criado pelo Sindicato dos Servidores do Poder Legislativo","canonical_url":"https:\/\/comsefaz.org.br\/novo\/eventos\/dia-das-maes\/","robots":"max-image-preview:large","keywords":"","webmasterTools":{"miscellaneous":""},"schema":{"@context":"https:\/\/schema.org","@graph":[{"@type":"BreadcrumbList","@id":"https:\/\/comsefaz.org.br\/novo\/eventos\/dia-das-maes\/#breadcrumblist","itemListElement":[{"@type":"ListItem","@id":"https:\/\/comsefaz.org.br\/novo#listItem","position":1,"name":"Home","item":"https:\/\/comsefaz.org.br\/novo","nextItem":{"@type":"ListItem","@id":"https:\/\/comsefaz.org.br\/novo\/eventos\/#listItem","name":"Eventos"}},{"@type":"ListItem","@id":"https:\/\/comsefaz.org.br\/novo\/eventos\/#listItem","position":2,"name":"Eventos","item":"https:\/\/comsefaz.org.br\/novo\/eventos\/","nextItem":{"@type":"ListItem","@id":"https:\/\/comsefaz.org.br\/novo\/eventos\/dia-das-maes\/#listItem","name":"Congresso Pensar Brasil"},"previousItem":{"@type":"ListItem","@id":"https:\/\/comsefaz.org.br\/novo#listItem","name":"Home"}},{"@type":"ListItem","@id":"https:\/\/comsefaz.org.br\/novo\/eventos\/dia-das-maes\/#listItem","position":3,"name":"Congresso Pensar Brasil","previousItem":{"@type":"ListItem","@id":"https:\/\/comsefaz.org.br\/novo\/eventos\/#listItem","name":"Eventos"}}]},{"@type":"Organization","@id":"https:\/\/comsefaz.org.br\/novo\/#organization","name":"Comsefaz","description":"Comit\u00ea Nacional de Secret\u00e1rios da Fazenda, Finan\u00e7as, Receitas ou Tributa\u00e7\u00e3o dos Estados  e Distrito Federal","url":"https:\/\/comsefaz.org.br\/novo\/","logo":{"@type":"ImageObject","url":"https:\/\/comsefaz.org.br\/novo\/wp-content\/uploads\/2022\/05\/comsefaz.png","@id":"https:\/\/comsefaz.org.br\/novo\/eventos\/dia-das-maes\/#organizationLogo"},"image":{"@id":"https:\/\/comsefaz.org.br\/novo\/eventos\/dia-das-maes\/#organizationLogo"}},{"@type":"Person","@id":"https:\/\/comsefaz.org.br\/novo\/author\/comsefaz\/#author","url":"https:\/\/comsefaz.org.br\/novo\/author\/comsefaz\/","name":"comsefaz","image":{"@type":"ImageObject","@id":"https:\/\/comsefaz.org.br\/novo\/eventos\/dia-das-maes\/#authorImage","url":"https:\/\/secure.gravatar.com\/avatar\/263d9be0bb4e1bc8dba724a209da0b12caf474b441e176758b8903eee3938b84?s=96&d=mm&r=g","width":96,"height":96,"caption":"comsefaz"}},{"@type":"WebPage","@id":"https:\/\/comsefaz.org.br\/novo\/eventos\/dia-das-maes\/#webpage","url":"https:\/\/comsefaz.org.br\/novo\/eventos\/dia-das-maes\/","name":"Congresso Pensar Brasil - Comsefaz","description":"Di\u00e1logo sobre Trabalho, Desenvolvimento e Futuro Pensar \u00e9 poder explorar, reconstruir, mudar, transformar. Pensar \u00e9 desconstruir, sair de um novo ponto de partida, \u00e9 rever, realinhar e encontrar novas sa\u00eddas. Pensar \u00e9 poder buscar novas respostas para antigas perguntas. E para construir, muitas vezes \u00e9 preciso desconstruir. \u200b Pensado e criado pelo Sindicato dos Servidores do Poder Legislativo","inLanguage":"pt-BR","isPartOf":{"@id":"https:\/\/comsefaz.org.br\/novo\/#website"},"breadcrumb":{"@id":"https:\/\/comsefaz.org.br\/novo\/eventos\/dia-das-maes\/#breadcrumblist"},"author":{"@id":"https:\/\/comsefaz.org.br\/novo\/author\/comsefaz\/#author"},"creator":{"@id":"https:\/\/comsefaz.org.br\/novo\/author\/comsefaz\/#author"},"image":{"@type":"ImageObject","url":3194,"@id":"https:\/\/comsefaz.org.br\/novo\/eventos\/dia-das-maes\/#mainImage"},"primaryImageOfPage":{"@id":"https:\/\/comsefaz.org.br\/novo\/eventos\/dia-das-maes\/#mainImage"},"datePublished":"2022-04-28T18:34:54-03:00","dateModified":"2022-04-28T18:34:54-03:00"},{"@type":"WebSite","@id":"https:\/\/comsefaz.org.br\/novo\/#website","url":"https:\/\/comsefaz.org.br\/novo\/","name":"Comsefaz","description":"Comit\u00ea Nacional de Secret\u00e1rios da Fazenda, Finan\u00e7as, Receitas ou Tributa\u00e7\u00e3o dos Estados  e Distrito Federal","inLanguage":"pt-BR","publisher":{"@id":"https:\/\/comsefaz.org.br\/novo\/#organization"}}]},"og:locale":"pt_BR","og:site_name":"Comsefaz - Comit\u00ea Nacional de Secret\u00e1rios da Fazenda, Finan\u00e7as, Receitas ou Tributa\u00e7\u00e3o dos Estados  e Distrito Federal","og:type":"article","og:title":"Congresso Pensar Brasil - Comsefaz","og:description":"Di\u00e1logo sobre Trabalho, Desenvolvimento e Futuro Pensar \u00e9 poder explorar, reconstruir, mudar, transformar. Pensar \u00e9 desconstruir, sair de um novo ponto de partida, \u00e9 rever, realinhar e encontrar novas sa\u00eddas. Pensar \u00e9 poder buscar novas respostas para antigas perguntas. E para construir, muitas vezes \u00e9 preciso desconstruir. \u200b Pensado e criado pelo Sindicato dos Servidores do Poder Legislativo","og:url":"https:\/\/comsefaz.org.br\/novo\/eventos\/dia-das-maes\/","og:image":"https:\/\/comsefaz.org.br\/novo\/wp-content\/uploads\/2022\/05\/marca_prioritaria_cor.svg","og:image:secure_url":"https:\/\/comsefaz.org.br\/novo\/wp-content\/uploads\/2022\/05\/marca_prioritaria_cor.svg","article:published_time":"2022-04-28T21:34:54+00:00","article:modified_time":"2022-04-28T21:34:54+00:00","twitter:card":"summary","twitter:title":"Congresso Pensar Brasil - Comsefaz","twitter:description":"Di\u00e1logo sobre Trabalho, Desenvolvimento e Futuro Pensar \u00e9 poder explorar, reconstruir, mudar, transformar. Pensar \u00e9 desconstruir, sair de um novo ponto de partida, \u00e9 rever, realinhar e encontrar novas sa\u00eddas. Pensar \u00e9 poder buscar novas respostas para antigas perguntas. E para construir, muitas vezes \u00e9 preciso desconstruir. \u200b Pensado e criado pelo Sindicato dos Servidores do Poder Legislativo","twitter:image":"https:\/\/comsefaz.org.br\/novo\/wp-content\/uploads\/2022\/05\/marca_prioritaria_cor.svg"},"aioseo_meta_data":{"post_id":"2971","title":null,"description":null,"keywords":null,"keyphrases":null,"primary_term":null,"canonical_url":null,"og_title":null,"og_description":null,"og_object_type":"default","og_image_type":"default","og_image_url":null,"og_image_width":null,"og_image_height":null,"og_image_custom_url":null,"og_image_custom_fields":null,"og_video":null,"og_custom_url":null,"og_article_section":null,"og_article_tags":null,"twitter_use_og":false,"twitter_card":"default","twitter_image_type":"default","twitter_image_url":null,"twitter_image_custom_url":null,"twitter_image_custom_fields":null,"twitter_title":null,"twitter_description":null,"schema":{"blockGraphs":[],"customGraphs":[],"default":{"data":{"Article":[],"Course":[],"Dataset":[],"FAQPage":[],"Movie":[],"Person":[],"Product":[],"ProductReview":[],"Car":[],"Recipe":[],"Service":[],"SoftwareApplication":[],"WebPage":[]},"graphName":"","isEnabled":true},"graphs":[]},"schema_type":"default","schema_type_options":null,"pillar_content":false,"robots_default":true,"robots_noindex":false,"robots_noarchive":false,"robots_nosnippet":false,"robots_nofollow":false,"robots_noimageindex":false,"robots_noodp":false,"robots_notranslate":false,"robots_max_snippet":null,"robots_max_videopreview":null,"robots_max_imagepreview":"large","priority":null,"frequency":null,"local_seo":null,"breadcrumb_settings":null,"limit_modified_date":false,"ai":null,"created":"2022-05-10 19:23:20","updated":"2025-06-03 22:06:34","seo_analyzer_scan_date":null,"focus_keyword":null,"additional_keywords":null,"truseo_locale":null},"aioseo_breadcrumb":"<div class=\"aioseo-breadcrumbs\"><span class=\"aioseo-breadcrumb\">\n\t\t\t<a href=\"https:\/\/comsefaz.org.br\/novo\" title=\"Home\">Home<\/a>\n\t\t<\/span><span class=\"aioseo-breadcrumb-separator\">&raquo;<\/span><span class=\"aioseo-breadcrumb\">\n\t\t\t<a href=\"https:\/\/comsefaz.org.br\/novo\/eventos\/\" title=\"Eventos\">Eventos<\/a>\n\t\t<\/span><span class=\"aioseo-breadcrumb-separator\">&raquo;<\/span><span class=\"aioseo-breadcrumb\">\n\t\t\tCongresso Pensar Brasil\n\t\t<\/span><\/div>","aioseo_breadcrumb_json":[{"label":"Home","link":"https:\/\/comsefaz.org.br\/novo"},{"label":"Eventos","link":"https:\/\/comsefaz.org.br\/novo\/eventos\/"},{"label":"Congresso Pensar Brasil","link":"https:\/\/comsefaz.org.br\/novo\/eventos\/dia-das-maes\/"}],"jetpack_sharing_enabled":true,"_links":{"self":[{"href":"https:\/\/comsefaz.org.br\/novo\/wp-json\/wp\/v2\/tribe_events\/2971","targetHints":{"allow":["GET"]}}],"collection":[{"href":"https:\/\/comsefaz.org.br\/novo\/wp-json\/wp\/v2\/tribe_events"}],"about":[{"href":"https:\/\/comsefaz.org.br\/novo\/wp-json\/wp\/v2\/types\/tribe_events"}],"author":[{"embeddable":true,"href":"https:\/\/comsefaz.org.br\/novo\/wp-json\/wp\/v2\/users\/2"}],"version-history":[{"count":0,"href":"https:\/\/comsefaz.org.br\/novo\/wp-json\/wp\/v2\/tribe_events\/2971\/revisions"}],"wp:attachment":[{"href":"https:\/\/comsefaz.org.br\/novo\/wp-json\/wp\/v2\/media?parent=2971"}],"wp:term":[{"taxonomy":"post_tag","embeddable":true,"href":"https:\/\/comsefaz.org.br\/novo\/wp-json\/wp\/v2\/tags?post=2971"},{"taxonomy":"tribe_events_cat","embeddable":true,"href":"https:\/\/comsefaz.org.br\/novo\/wp-json\/wp\/v2\/tribe_events_cat?post=2971"}],"curies":[{"name":"wp","href":"https:\/\/api.w.org\/{rel}","templated":true}]}}